{"id":2178,"date":"2023-08-06T20:52:44","date_gmt":"2023-08-06T18:52:44","guid":{"rendered":"http:\/\/soleil-levant-asso.fr\/?page_id=2178"},"modified":"2024-05-09T11:53:13","modified_gmt":"2024-05-09T09:53:13","slug":"test-atelier","status":"publish","type":"page","link":"https:\/\/soleil-levant-asso.fr\/?page_id=2178","title":{"rendered":"Ateliers de cuisine"},"content":{"rendered":"\n<p><\/p>\n\n\n\n<div class=\"wp-block-columns is-layout-flex wp-container-5\">\n<div class=\"wp-block-column is-layout-flow\" style=\"flex-basis:66.66%\">\n<p>Tu es un.e <a href=\"http:\/\/amoureux.se\/\">amoureux.se<\/a> du Japon et de la gastronomie ?<\/p>\n\n\n\n<p><\/p>\n\n\n\n<p>Alors tu es au bon endroit \ud83d\ude09<\/p>\n\n\n\n<p><\/p>\n\n\n\n<p>D\u00e9butant.e ou un.e expert.e en cuisine, nous partons ensemble \u00e0 la (re)d\u00e9couverte du pays du \u00ab\u00a0Soleil levant\u00a0\u00bb avec nos papilles !<\/p>\n\n\n\n<p><\/p>\n\n\n\n<p>L&rsquo;occasion :<\/p>\n\n\n\n<ul>\n<li>D&rsquo;exp\u00e9rimenter de nouvelles recettes<\/li>\n\n\n\n<li>De partager nos astuces \/ recettes<\/li>\n\n\n\n<li>De pr\u00e9parer des plats ensemble (et de s&rsquo;entraider)<\/li>\n\n\n\n<li>De partager un moment de convivialit\u00e9 autour d&rsquo;un bon repas<\/li>\n<\/ul>\n<\/div>\n\n\n\n<div class=\"wp-block-column is-layout-flow\" style=\"flex-basis:25%\">\n<figure class=\"wp-block-gallery has-nested-images columns-1 is-cropped wp-block-gallery-2 is-layout-flex\">\n<figure class=\"wp-block-image size-large\"><img decoding=\"async\" loading=\"lazy\" width=\"1024\" height=\"1024\" src=\"http:\/\/soleil-levant-asso.fr\/wp-content\/uploads\/2023\/09\/Atelier-cuisine-fond-4-1024x1024.png\" alt=\"\" class=\"wp-image-2359\" srcset=\"https:\/\/soleil-levant-asso.fr\/wp-content\/uploads\/2023\/09\/Atelier-cuisine-fond-4-1024x1024.png 1024w, https:\/\/soleil-levant-asso.fr\/wp-content\/uploads\/2023\/09\/Atelier-cuisine-fond-4-300x300.png 300w, https:\/\/soleil-levant-asso.fr\/wp-content\/uploads\/2023\/09\/Atelier-cuisine-fond-4-150x150.png 150w, https:\/\/soleil-levant-asso.fr\/wp-content\/uploads\/2023\/09\/Atelier-cuisine-fond-4-768x768.png 768w, https:\/\/soleil-levant-asso.fr\/wp-content\/uploads\/2023\/09\/Atelier-cuisine-fond-4-230x230.png 230w, https:\/\/soleil-levant-asso.fr\/wp-content\/uploads\/2023\/09\/Atelier-cuisine-fond-4-330x330.png 330w, https:\/\/soleil-levant-asso.fr\/wp-content\/uploads\/2023\/09\/Atelier-cuisine-fond-4.png 1080w\" sizes=\"(max-width: 1024px) 100vw, 1024px\" \/><\/figure>\n<\/figure>\n<\/div>\n<\/div>\n\n\n\n<div class=\"wp-block-group is-layout-constrained\"><div class=\"wp-block-group__inner-container\">\n<p><\/p>\n\n\n\n<hr class=\"wp-block-separator has-alpha-channel-opacity\"\/>\n\n\n\n<figure class=\"wp-block-gallery has-nested-images columns-6 is-cropped wp-block-gallery-6 is-layout-flex\">\n<figure class=\"wp-block-image size-large\"><img decoding=\"async\" loading=\"lazy\" width=\"768\" height=\"1024\" src=\"http:\/\/soleil-levant-asso.fr\/wp-content\/uploads\/2023\/10\/IMG20230926221451-768x1024.jpg\" alt=\"\" class=\"wp-image-2451\" srcset=\"https:\/\/soleil-levant-asso.fr\/wp-content\/uploads\/2023\/10\/IMG20230926221451-768x1024.jpg 768w, https:\/\/soleil-levant-asso.fr\/wp-content\/uploads\/2023\/10\/IMG20230926221451-225x300.jpg 225w, https:\/\/soleil-levant-asso.fr\/wp-content\/uploads\/2023\/10\/IMG20230926221451-1152x1536.jpg 1152w, https:\/\/soleil-levant-asso.fr\/wp-content\/uploads\/2023\/10\/IMG20230926221451-1536x2048.jpg 1536w, https:\/\/soleil-levant-asso.fr\/wp-content\/uploads\/2023\/10\/IMG20230926221451-scaled.jpg 1920w\" sizes=\"(max-width: 768px) 100vw, 768px\" \/><\/figure>\n\n\n\n<figure class=\"wp-block-image size-large\"><img decoding=\"async\" loading=\"lazy\" width=\"1024\" height=\"768\" src=\"http:\/\/soleil-levant-asso.fr\/wp-content\/uploads\/2023\/10\/IMG20230926195527-1024x768.jpg\" alt=\"\" class=\"wp-image-2441\" srcset=\"https:\/\/soleil-levant-asso.fr\/wp-content\/uploads\/2023\/10\/IMG20230926195527-1024x768.jpg 1024w, https:\/\/soleil-levant-asso.fr\/wp-content\/uploads\/2023\/10\/IMG20230926195527-300x225.jpg 300w, https:\/\/soleil-levant-asso.fr\/wp-content\/uploads\/2023\/10\/IMG20230926195527-768x576.jpg 768w, https:\/\/soleil-levant-asso.fr\/wp-content\/uploads\/2023\/10\/IMG20230926195527-1536x1152.jpg 1536w, https:\/\/soleil-levant-asso.fr\/wp-content\/uploads\/2023\/10\/IMG20230926195527-2048x1536.jpg 2048w\" sizes=\"(max-width: 1024px) 100vw, 1024px\" \/><\/figure>\n\n\n\n<figure class=\"wp-block-image size-large\"><img decoding=\"async\" loading=\"lazy\" width=\"768\" height=\"1024\" src=\"https:\/\/soleil-levant-asso.fr\/wp-content\/uploads\/2024\/05\/mardiIMG20240220200957-768x1024.webp\" alt=\"\" class=\"wp-image-3191\" srcset=\"https:\/\/soleil-levant-asso.fr\/wp-content\/uploads\/2024\/05\/mardiIMG20240220200957-768x1024.webp 768w, https:\/\/soleil-levant-asso.fr\/wp-content\/uploads\/2024\/05\/mardiIMG20240220200957-225x300.webp 225w, https:\/\/soleil-levant-asso.fr\/wp-content\/uploads\/2024\/05\/mardiIMG20240220200957.webp 906w\" sizes=\"(max-width: 768px) 100vw, 768px\" \/><\/figure>\n\n\n\n<figure class=\"wp-block-image size-large\"><img decoding=\"async\" loading=\"lazy\" width=\"768\" height=\"1024\" src=\"https:\/\/soleil-levant-asso.fr\/wp-content\/uploads\/2024\/05\/mardiIMG20240220201430-768x1024.webp\" alt=\"\" class=\"wp-image-3192\" srcset=\"https:\/\/soleil-levant-asso.fr\/wp-content\/uploads\/2024\/05\/mardiIMG20240220201430-768x1024.webp 768w, https:\/\/soleil-levant-asso.fr\/wp-content\/uploads\/2024\/05\/mardiIMG20240220201430-225x300.webp 225w, https:\/\/soleil-levant-asso.fr\/wp-content\/uploads\/2024\/05\/mardiIMG20240220201430.webp 906w\" sizes=\"(max-width: 768px) 100vw, 768px\" \/><\/figure>\n\n\n\n<figure class=\"wp-block-image size-large\"><img decoding=\"async\" loading=\"lazy\" width=\"768\" height=\"1024\" src=\"https:\/\/soleil-levant-asso.fr\/wp-content\/uploads\/2024\/05\/mardiIMG_0760-768x1024.webp\" alt=\"\" class=\"wp-image-3180\" srcset=\"https:\/\/soleil-levant-asso.fr\/wp-content\/uploads\/2024\/05\/mardiIMG_0760-768x1024.webp 768w, https:\/\/soleil-levant-asso.fr\/wp-content\/uploads\/2024\/05\/mardiIMG_0760-225x300.webp 225w, https:\/\/soleil-levant-asso.fr\/wp-content\/uploads\/2024\/05\/mardiIMG_0760.webp 906w\" sizes=\"(max-width: 768px) 100vw, 768px\" \/><\/figure>\n\n\n\n<figure class=\"wp-block-image size-large\"><img decoding=\"async\" loading=\"lazy\" width=\"929\" height=\"1239\" src=\"http:\/\/soleil-levant-asso.fr\/wp-content\/uploads\/2017\/06\/Cefoc-Angers-Soleil-levant-atelier-sushi-13-1.jpg\" alt=\"atelier sushi Cefoc Angers\" class=\"wp-image-931\"\/><\/figure>\n\n\n\n<figure class=\"wp-block-image size-large\"><img decoding=\"async\" loading=\"lazy\" width=\"1024\" height=\"768\" src=\"http:\/\/soleil-levant-asso.fr\/wp-content\/uploads\/2023\/08\/Atelier-cuisine_281772529_4884036091718484_8650512010230408889_n-1024x768.jpg\" alt=\"\" class=\"wp-image-2283\" srcset=\"https:\/\/soleil-levant-asso.fr\/wp-content\/uploads\/2023\/08\/Atelier-cuisine_281772529_4884036091718484_8650512010230408889_n-1024x768.jpg 1024w, https:\/\/soleil-levant-asso.fr\/wp-content\/uploads\/2023\/08\/Atelier-cuisine_281772529_4884036091718484_8650512010230408889_n-300x225.jpg 300w, https:\/\/soleil-levant-asso.fr\/wp-content\/uploads\/2023\/08\/Atelier-cuisine_281772529_4884036091718484_8650512010230408889_n-768x576.jpg 768w, https:\/\/soleil-levant-asso.fr\/wp-content\/uploads\/2023\/08\/Atelier-cuisine_281772529_4884036091718484_8650512010230408889_n-1536x1152.jpg 1536w, https:\/\/soleil-levant-asso.fr\/wp-content\/uploads\/2023\/08\/Atelier-cuisine_281772529_4884036091718484_8650512010230408889_n.jpg 1687w\" sizes=\"(max-width: 1024px) 100vw, 1024px\" \/><figcaption class=\"wp-element-caption\">Atelier cuisine<\/figcaption><\/figure>\n\n\n\n<figure class=\"wp-block-image size-large\"><img decoding=\"async\" loading=\"lazy\" width=\"768\" height=\"1024\" src=\"https:\/\/soleil-levant-asso.fr\/wp-content\/uploads\/2024\/05\/a-IMG20240220194157-768x1024.webp\" alt=\"\" class=\"wp-image-3207\" srcset=\"https:\/\/soleil-levant-asso.fr\/wp-content\/uploads\/2024\/05\/a-IMG20240220194157-768x1024.webp 768w, https:\/\/soleil-levant-asso.fr\/wp-content\/uploads\/2024\/05\/a-IMG20240220194157-225x300.webp 225w, https:\/\/soleil-levant-asso.fr\/wp-content\/uploads\/2024\/05\/a-IMG20240220194157.webp 906w\" sizes=\"(max-width: 768px) 100vw, 768px\" \/><\/figure>\n\n\n\n<figure class=\"wp-block-image size-large\"><img decoding=\"async\" loading=\"lazy\" width=\"768\" height=\"1024\" src=\"https:\/\/soleil-levant-asso.fr\/wp-content\/uploads\/2024\/05\/mardi-IMG20231121213002-768x1024.webp\" alt=\"\" class=\"wp-image-3178\" srcset=\"https:\/\/soleil-levant-asso.fr\/wp-content\/uploads\/2024\/05\/mardi-IMG20231121213002-768x1024.webp 768w, https:\/\/soleil-levant-asso.fr\/wp-content\/uploads\/2024\/05\/mardi-IMG20231121213002-225x300.webp 225w, https:\/\/soleil-levant-asso.fr\/wp-content\/uploads\/2024\/05\/mardi-IMG20231121213002.webp 906w\" sizes=\"(max-width: 768px) 100vw, 768px\" \/><\/figure>\n\n\n\n<figure class=\"wp-block-image size-large\"><img decoding=\"async\" loading=\"lazy\" width=\"1024\" height=\"768\" src=\"https:\/\/soleil-levant-asso.fr\/wp-content\/uploads\/2024\/05\/mardi-IMG_0761-1024x768.webp\" alt=\"\" class=\"wp-image-3161\" srcset=\"https:\/\/soleil-levant-asso.fr\/wp-content\/uploads\/2024\/05\/mardi-IMG_0761-1024x768.webp 1024w, https:\/\/soleil-levant-asso.fr\/wp-content\/uploads\/2024\/05\/mardi-IMG_0761-300x225.webp 300w, https:\/\/soleil-levant-asso.fr\/wp-content\/uploads\/2024\/05\/mardi-IMG_0761-768x576.webp 768w, https:\/\/soleil-levant-asso.fr\/wp-content\/uploads\/2024\/05\/mardi-IMG_0761-1536x1152.webp 1536w, https:\/\/soleil-levant-asso.fr\/wp-content\/uploads\/2024\/05\/mardi-IMG_0761.webp 1610w\" sizes=\"(max-width: 1024px) 100vw, 1024px\" \/><\/figure>\n\n\n\n<figure class=\"wp-block-image size-large\"><img decoding=\"async\" loading=\"lazy\" width=\"762\" height=\"551\" src=\"http:\/\/soleil-levant-asso.fr\/wp-content\/uploads\/2016\/04\/atelier-sushi-10-1.jpg\" alt=\"Atelier sushi\" class=\"wp-image-366\"\/><figcaption class=\"wp-element-caption\">Atelier sushis<\/figcaption><\/figure>\n\n\n\n<figure class=\"wp-block-image size-large\"><img decoding=\"async\" loading=\"lazy\" width=\"768\" height=\"1024\" src=\"http:\/\/soleil-levant-asso.fr\/wp-content\/uploads\/2023\/08\/Atelier-cuisine_285122448_4884036201718473_5516669846221678567_n-768x1024.jpg\" alt=\"\" class=\"wp-image-2284\" srcset=\"https:\/\/soleil-levant-asso.fr\/wp-content\/uploads\/2023\/08\/Atelier-cuisine_285122448_4884036201718473_5516669846221678567_n-768x1024.jpg 768w, https:\/\/soleil-levant-asso.fr\/wp-content\/uploads\/2023\/08\/Atelier-cuisine_285122448_4884036201718473_5516669846221678567_n-225x300.jpg 225w, https:\/\/soleil-levant-asso.fr\/wp-content\/uploads\/2023\/08\/Atelier-cuisine_285122448_4884036201718473_5516669846221678567_n-1152x1536.jpg 1152w, https:\/\/soleil-levant-asso.fr\/wp-content\/uploads\/2023\/08\/Atelier-cuisine_285122448_4884036201718473_5516669846221678567_n.jpg 1265w\" sizes=\"(max-width: 768px) 100vw, 768px\" \/><figcaption class=\"wp-element-caption\">Atelier cuisine<\/figcaption><\/figure>\n<\/figure>\n<\/div><\/div>\n\n\n\n<hr class=\"wp-block-separator has-alpha-channel-opacity\"\/>\n\n\n\n<div class=\"wp-block-columns is-layout-flex wp-container-12\">\n<div class=\"wp-block-column is-layout-flow\">\n<p class=\"has-text-align-center has-black-color has-text-color has-background\" style=\"background-color:#fea98c\"><strong>ACTIVITE DE SOLEIL LEVANT<\/strong><\/p>\n\n\n\n<hr class=\"wp-block-separator has-alpha-channel-opacity\"\/>\n\n\n\n<div class=\"wp-block-group is-vertical is-layout-flex wp-container-9\">\n<p>Certains mardis du mois, l&rsquo;association SOLEIL LEVANT investie la cuisine de la maison de quartier du Quart&rsquo;Ney pour faire voyager nos papilles ! <\/p>\n\n\n\n<p>L&rsquo;occasion de cuisiner et de manger tous ensembles (cuisinier et non cuisinier) dans une ambiance conviviale.<\/p>\n\n\n\n<hr class=\"wp-block-separator has-alpha-channel-opacity\"\/>\n\n\n\n<p>Deux mani\u00e8res de participer : <\/p>\n<\/div>\n\n\n\n<p style=\"font-size:15px\"><strong>Vous souhaitez cuisiner ?<\/strong> En amont de l&rsquo;atelier, chaque participant re\u00e7oit la recette qui sera pr\u00e9par\u00e9e et chacun devra apporter \u00e0 minima un ingr\u00e9dient.<\/p>\n\n\n\n<p style=\"font-size:15px\">Penses bien \u00e0 emmener un tablier (une maladresse arrive vite !)<\/p>\n\n\n\n<hr class=\"wp-block-separator has-alpha-channel-opacity\"\/>\n\n\n\n<p style=\"font-size:15px\"><strong>Vous souhaitez \u00eatre go\u00fbteur ?<\/strong> Si tu ne souhaites pas cuisiner mais uniquement go\u00fbter et partager un bon repas, c&rsquo;est possible ! <\/p>\n\n\n\n<p style=\"font-size:15px\">Cela te permet de participer aux autres activit\u00e9s de l&rsquo;association pendant que nos cuisiniers sont \u00e0 l&rsquo;\u0153uvre !<\/p>\n\n\n\n<p style=\"font-size:15px\"><strong>Une participation de 4\u20ac <\/strong>sera demand\u00e9 en amont du repas. <\/p>\n<\/div>\n\n\n\n<div class=\"wp-block-column is-layout-flow\">\n<p class=\"has-text-align-center has-white-color has-text-color has-background\" style=\"background-color:#a11513\"><strong>PRESTATION<\/strong> <\/p>\n\n\n\n<hr class=\"wp-block-separator has-alpha-channel-opacity\"\/>\n\n\n\n<p>Dans le cadre d&rsquo;un \u00e9v\u00e9nement (soir\u00e9e, anniversaires, salon, etc.) nous proposons un atelier culinaire autour de la cuisine japonaise. <\/p>\n\n\n\n<p>C&rsquo;est l&rsquo;occasion : <\/p>\n\n\n\n<ul>\n<li style=\"font-size:15px\">D&rsquo;offrir une exp\u00e9rience culinaire originale et interactive <\/li>\n\n\n\n<li style=\"font-size:15px\">De renforcer les \u00e9changes-liens entre les invit\u00e9.e.s<\/li>\n\n\n\n<li style=\"font-size:15px\">D&rsquo;\u00e9veiller les sens et de transporter les papilles au c\u0153ur du japon dans une atmosph\u00e8re conviviale et chaleureuse <\/li>\n\n\n\n<li style=\"font-size:15px\">D&rsquo;avoir les astuces de nos passionn\u00e9.e.s gastronomiques  <\/li>\n\n\n\n<li style=\"font-size:15px\"> <\/li>\n<\/ul>\n\n\n\n<hr class=\"wp-block-separator has-alpha-channel-opacity\"\/>\n\n\n\n<p><strong>Tarif : 60\u20ac <\/strong>(tarif d\u00e9gressif selon la dur\u00e9e de l&rsquo;activit\u00e9 (+ de 4H) et\/ou le nombre d&rsquo;activit\u00e9 souhait\u00e9)<\/p>\n\n\n\n<p>Comprend : <\/p>\n\n\n\n<ul>\n<li style=\"font-size:15px\">Choix ensemble du (ou des) plat(s) \u00e0 r\u00e9aliser<\/li>\n\n\n\n<li style=\"font-size:15px\">Ustensiles de cuisine sp\u00e9cifiques \u00e0 la recette <\/li>\n\n\n\n<li style=\"font-size:15px\">Animation pour des groupes jusqu&rsquo;\u00e0 10 personnes (et \u00e0 partir de 7 ans)<\/li>\n<\/ul>\n\n\n\n<p style=\"font-size:15px\">Exemple de plats possible : Okonomiyaki, Onigiri, Ramen, Miso Soup, Yakisoba, Takoyaki, Dankazu, Karaague, Tamago Yaki<\/p>\n\n\n\n<hr class=\"wp-block-separator has-alpha-channel-opacity\"\/>\n\n\n\n<p>Ne comprend pas : les frais kilom\u00e9triques, l&rsquo;achat des ingr\u00e9dients <\/p>\n\n\n\n<p>Achats des ingr\u00e9dients : <\/p>\n\n\n\n<ul>\n<li style=\"font-size:15px\">Option 1 : Nous r\u00e9alisons les courses (remboursement sous justificatif)<\/li>\n\n\n\n<li style=\"font-size:15px\">Option 2 : Nous vous transmettons la liste et  vous fournissez les ingr\u00e9dients<\/li>\n<\/ul>\n\n\n\n<hr class=\"wp-block-separator has-alpha-channel-opacity\"\/>\n<\/div>\n<\/div>\n\n\n\n<div class=\"wp-block-buttons is-content-justification-center is-layout-flex wp-container-13\">\n<div class=\"wp-block-button\"><a class=\"wp-block-button__link has-text-align-center wp-element-button\" href=\"http:\/\/soleil-levant-asso.fr\/?page_id=1751\">Pour en savoir plus<\/a><\/div>\n<\/div>\n","protected":false},"excerpt":{"rendered":"<p>Tu es un.e amoureux.se du Japon et de la gastronomie ? Alors tu es au bon endroit \ud83d\ude09 D\u00e9butant.e ou un.e expert.e en cuisine, nous partons ensemble \u00e0 la (re)d\u00e9couverte du pays du \u00ab\u00a0Soleil levant\u00a0\u00bb avec nos papilles ! L&rsquo;occasion<\/p>\n","protected":false},"author":1,"featured_media":2142,"parent":0,"menu_order":0,"comment_status":"closed","ping_status":"closed","template":"","meta":[],"_links":{"self":[{"href":"https:\/\/soleil-levant-asso.fr\/index.php?rest_route=\/wp\/v2\/pages\/2178"}],"collection":[{"href":"https:\/\/soleil-levant-asso.fr\/index.php?rest_route=\/wp\/v2\/pages"}],"about":[{"href":"https:\/\/soleil-levant-asso.fr\/index.php?rest_route=\/wp\/v2\/types\/page"}],"author":[{"embeddable":true,"href":"https:\/\/soleil-levant-asso.fr\/index.php?rest_route=\/wp\/v2\/users\/1"}],"replies":[{"embeddable":true,"href":"https:\/\/soleil-levant-asso.fr\/index.php?rest_route=%2Fwp%2Fv2%2Fcomments&post=2178"}],"version-history":[{"count":13,"href":"https:\/\/soleil-levant-asso.fr\/index.php?rest_route=\/wp\/v2\/pages\/2178\/revisions"}],"predecessor-version":[{"id":3216,"href":"https:\/\/soleil-levant-asso.fr\/index.php?rest_route=\/wp\/v2\/pages\/2178\/revisions\/3216"}],"wp:featuredmedia":[{"embeddable":true,"href":"https:\/\/soleil-levant-asso.fr\/index.php?rest_route=\/wp\/v2\/media\/2142"}],"wp:attachment":[{"href":"https:\/\/soleil-levant-asso.fr\/index.php?rest_route=%2Fwp%2Fv2%2Fmedia&parent=2178"}],"curies":[{"name":"wp","href":"https:\/\/api.w.org\/{rel}","templated":true}]}}